{"id":4142,"date":"2025-11-30T11:00:35","date_gmt":"2025-11-30T10:00:35","guid":{"rendered":"https:\/\/martiko.com\/?post_type=recetas&#038;p=4142"},"modified":"2025-12-12T10:08:32","modified_gmt":"2025-12-12T09:08:32","slug":"tartaleta-de-foie-gras-mi-cuit-con-peras-y-nueces","status":"publish","type":"recetas","link":"https:\/\/martiko.com\/ar\/recetas\/tartaleta-de-foie-gras-mi-cuit-con-peras-y-nueces\/","title":{"rendered":"Tartaleta de foie gras mi cuit con peras y nueces"},"content":{"rendered":"\n<p>Tartaleta que combina el pur\u00e9 de peras con el sabor intenso del foie gras entero mi cuit Martiko, acompa\u00f1ado nueces tostadas que a\u00f1aden textura. Es un canap\u00e9 elegante y sofisticado, perfecto para ocasiones especiales.<\/p>\n\n\n\n<p><strong>Receta para 4 personas.<\/strong><\/p>\n\n\n\n<p><strong>Preparaci\u00f3n:<\/strong><\/p>\n\n\n\n<p><strong>Para la tartaletas <\/strong>(pueden comprarse ya preparadas si se desea simplificar a\u00fan m\u00e1s la receta):<\/p>\n\n\n\n<ul class=\"wp-block-list\">\n<li>En un bol grande, mezclar la harina con una pizca de sal.<\/li>\n\n\n\n<li>A\u00f1adir la mantequilla fr\u00eda en cubos y frotar con los dedos hasta obtener una textura de migas finas.<\/li>\n\n\n\n<li>A\u00f1adir el agua fr\u00eda y mezclar hasta que la masa se una. Formar una bola, envolver en film transparente y refrigerar durante 30 minutos.<\/li>\n\n\n\n<li>Precalentar el horno a 180\u00b0C.<\/li>\n\n\n\n<li>Extender la masa con un rodillo sobre una superficie ligeramente enharinada hasta que tenga un grosor de unos 3-4 mm.<\/li>\n\n\n\n<li>Cortar c\u00edrculos de masa y colocarlos en los moldes para tartaletas. Pinchar las bases con un tenedor para evitar que suban durante la cocci\u00f3n.<\/li>\n\n\n\n<li>Colocar papel de hornear sobre las tartaletas y rellenar con pesos para hornear o legumbres secas. Hornear durante 12-15 minutos, hasta que est\u00e9n doradas y crujientes. <\/li>\n\n\n\n<li>Retirar del horno, quitar los pesos y dejar enfriar completamente.<\/li>\n<\/ul>\n\n\n\n<p><strong>Para el pur\u00e9 de peras<\/strong> (puede comprarse una compota de peras si se desea simplificar a\u00fan m\u00e1s la receta):<\/p>\n\n\n\n<ul class=\"wp-block-list\">\n<li>Pelar y cortar las peras en trozos peque\u00f1os.<\/li>\n\n\n\n<li>En un cazo, derretir la mantequilla a fuego medio. A\u00f1adir las peras, el zumo de lim\u00f3n, una pizca de sal y el agua. Cocinar a fuego lento durante unos 10-12 minutos, hasta que las peras est\u00e9n muy tiernas.<\/li>\n\n\n\n<li>Triturar las peras con una batidora o pasarlas por un pasapur\u00e9s hasta obtener un pur\u00e9 suave. Ajustar el punto de sal y pimienta negra al gusto. Dejar enfriar antes de utilizar.<\/li>\n<\/ul>\n\n\n\n<p><strong>Emplatado:<\/strong><\/p>\n\n\n\n<ul class=\"wp-block-list\">\n<li>Rellenar las tartaletas con el pur\u00e9 de peras.<\/li>\n\n\n\n<li>Colocar dados de foie gras mi cuit<\/li>\n\n\n\n<li>Decorar con nueces tostadas troceadas<\/li>\n<\/ul>\n\n\n\n<p><strong>Consejos del chef:<\/strong><\/p>\n\n\n\n<ul class=\"wp-block-list\">\n<li>Para simplificar la receta, se pueden comprar mini-tartaletas de hojaldre que vienen ya listas para rellenar.<\/li>\n\n\n\n<li>Tambi\u00e9n se puede adquirir pur\u00e9, mermelada o compota de peras, manzana o similar, ya elaborados. Es una manera de hacer la receta m\u00e1s f\u00e1cilmente y el resultado es igual de espectacular.<\/li>\n\n\n\n<li>Si lo deseas, puedes a\u00f1adir a la decoraci\u00f3n unas flores comestibles. <\/li>\n\n\n\n<li>Puedes escoger los frutos secos que m\u00e1s te gusten o incluso sustituirlos por frutas deshidratadas.<\/li>\n\n\n\n<li>Atempera el foie gras 10-15 minutos antes de su consumo, para apreciar mejor todo su sabor y textura.<\/li>\n\n\n\n<li>Ay\u00fadate de una lira o cuchillo con el filo previamente calentado con agua caliente para cortar f\u00e1cilmente el foie gras.<\/li>\n<\/ul>\n","protected":false},"featured_media":4148,"template":"","meta":{"_acf_changed":true,"site-sidebar-layout":"default","site-content-layout":"","ast-site-content-layout":"","site-content-style":"default","site-sidebar-style":"default","ast-global-header-display":"","ast-banner-title-visibility":"","ast-main-header-display":"","ast-hfb-above-header-display":"","ast-hfb-below-header-display":"","ast-hfb-mobile-header-display":"","site-post-title":"","ast-breadcrumbs-content":"","ast-featured-img":"","footer-sml-layout":"","ast-disable-related-posts":"","theme-transparent-header-meta":"","adv-header-id-meta":"","stick-header-meta":"","header-above-stick-meta":"","header-main-stick-meta":"","header-below-stick-meta":"","astra-migrate-meta-layouts":"default","ast-page-background-enabled":"default","ast-page-background-meta":{"desktop":{"background-color":"var(--ast-global-color-4)","background-image":"","background-repeat":"repeat","background-position":"center center","background-size":"auto","background-attachment":"scroll","background-type":"","background-media":"","overlay-type":"","overlay-color":"","overlay-opacity":"","overlay-gradient":""},"tablet":{"background-color":"","background-image":"","background-repeat":"repeat","background-position":"center center","background-size":"auto","background-attachment":"scroll","background-type":"","background-media":"","overlay-type":"","overlay-color":"","overlay-opacity":"","overlay-gradient":""},"mobile":{"background-color":"","background-image":"","background-repeat":"repeat","background-position":"center center","background-size":"auto","background-attachment":"scroll","background-type":"","background-media":"","overlay-type":"","overlay-color":"","overlay-opacity":"","overlay-gradient":""}},"ast-content-background-meta":{"desktop":{"background-color":"var(--ast-global-color-5)","background-image":"","background-repeat":"repeat","background-position":"center center","background-size":"auto","background-attachment":"scroll","background-type":"","background-media":"","overlay-type":"","overlay-color":"","overlay-opacity":"","overlay-gradient":""},"tablet":{"background-color":"var(--ast-global-color-5)","background-image":"","background-repeat":"repeat","background-position":"center center","background-size":"auto","background-attachment":"scroll","background-type":"","background-media":"","overlay-type":"","overlay-color":"","overlay-opacity":"","overlay-gradient":""},"mobile":{"background-color":"var(--ast-global-color-5)","background-image":"","background-repeat":"repeat","background-position":"center center","background-size":"auto","background-attachment":"scroll","background-type":"","background-media":"","overlay-type":"","overlay-color":"","overlay-opacity":"","overlay-gradient":""}}},"class_list":["post-4142","recetas","type-recetas","status-publish","has-post-thumbnail","hentry","autor-de-la-receta-martiko","tipo-de-la-receta-chef","tipo-de-la-receta-entrante","dificultad-de-la-receta-baja","productos-de-la-receta-foie-gras-mi-cuit"],"acf":[],"yoast_head":"<!-- This site is optimized with the Yoast SEO plugin v27.1.1 - https:\/\/yoast.com\/product\/yoast-seo-wordpress\/ -->\n<title>Tartaleta de Foie Gras Mi Cuit con Peras y Nueces | Martiko<\/title>\n<meta name=\"description\" content=\"Prepara unas deliciosas tartaletas con foie gras mi cuit Martiko, pur\u00e9 de peras y nueces tostadas. Un canap\u00e9 perfecto para ocasiones especiales, lleno de sabor y elegancia.\" \/>\n<meta name=\"robots\" content=\"index, follow, max-snippet:-1, max-image-preview:large, max-video-preview:-1\" \/>\n<link rel=\"canonical\" href=\"https:\/\/martiko.com\/recetas\/tartaleta-de-foie-gras-mi-cuit-con-peras-y-nueces\/\" \/>\n<meta property=\"og:locale\" content=\"ar_AR\" \/>\n<meta property=\"og:type\" content=\"article\" \/>\n<meta property=\"og:title\" content=\"Tartaleta de Foie Gras Mi Cuit con Peras y Nueces | Martiko\" \/>\n<meta property=\"og:description\" content=\"Prepara unas deliciosas tartaletas con foie gras mi cuit Martiko, pur\u00e9 de peras y nueces tostadas. Un canap\u00e9 perfecto para ocasiones especiales, lleno de sabor y elegancia.\" \/>\n<meta property=\"og:url\" content=\"https:\/\/martiko.com\/recetas\/tartaleta-de-foie-gras-mi-cuit-con-peras-y-nueces\/\" \/>\n<meta property=\"og:site_name\" content=\"Martiko\" \/>\n<meta property=\"article:publisher\" content=\"https:\/\/www.facebook.com\/martikopates\/\" \/>\n<meta property=\"article:modified_time\" content=\"2025-12-12T09:08:32+00:00\" \/>\n<meta property=\"og:image\" content=\"https:\/\/martiko.com\/wp-content\/uploads\/2024\/12\/Tartaleta-de-foie-gras-mi-cuit-con-peras-y-nueces.webp\" \/>\n\t<meta property=\"og:image:width\" content=\"1360\" \/>\n\t<meta property=\"og:image:height\" content=\"650\" \/>\n\t<meta property=\"og:image:type\" content=\"image\/webp\" \/>\n<meta name=\"twitter:card\" content=\"summary_large_image\" \/>\n<meta name=\"twitter:label1\" content=\"Est. reading time\" \/>\n\t<meta name=\"twitter:data1\" content=\"3 \u062f\u0642\u0627\u0626\u0642\" \/>\n<script type=\"application\/ld+json\" class=\"yoast-schema-graph\">{\"@context\":\"https:\/\/schema.org\",\"@graph\":[{\"@type\":\"WebPage\",\"@id\":\"https:\/\/martiko.com\/recetas\/tartaleta-de-foie-gras-mi-cuit-con-peras-y-nueces\/\",\"url\":\"https:\/\/martiko.com\/recetas\/tartaleta-de-foie-gras-mi-cuit-con-peras-y-nueces\/\",\"name\":\"Tartaleta de Foie Gras Mi Cuit con Peras y Nueces | Martiko\",\"isPartOf\":{\"@id\":\"https:\/\/martiko.com\/#website\"},\"primaryImageOfPage\":{\"@id\":\"https:\/\/martiko.com\/recetas\/tartaleta-de-foie-gras-mi-cuit-con-peras-y-nueces\/#primaryimage\"},\"image\":{\"@id\":\"https:\/\/martiko.com\/recetas\/tartaleta-de-foie-gras-mi-cuit-con-peras-y-nueces\/#primaryimage\"},\"thumbnailUrl\":\"https:\/\/martiko.com\/wp-content\/uploads\/2024\/12\/Tartaleta-de-foie-gras-mi-cuit-con-peras-y-nueces.webp\",\"datePublished\":\"2025-11-30T10:00:35+00:00\",\"dateModified\":\"2025-12-12T09:08:32+00:00\",\"description\":\"Prepara unas deliciosas tartaletas con foie gras mi cuit Martiko, pur\u00e9 de peras y nueces tostadas. Un canap\u00e9 perfecto para ocasiones especiales, lleno de sabor y elegancia.\",\"breadcrumb\":{\"@id\":\"https:\/\/martiko.com\/recetas\/tartaleta-de-foie-gras-mi-cuit-con-peras-y-nueces\/#breadcrumb\"},\"inLanguage\":\"ar\",\"potentialAction\":[{\"@type\":\"ReadAction\",\"target\":[\"https:\/\/martiko.com\/recetas\/tartaleta-de-foie-gras-mi-cuit-con-peras-y-nueces\/\"]}]},{\"@type\":\"ImageObject\",\"inLanguage\":\"ar\",\"@id\":\"https:\/\/martiko.com\/recetas\/tartaleta-de-foie-gras-mi-cuit-con-peras-y-nueces\/#primaryimage\",\"url\":\"https:\/\/martiko.com\/wp-content\/uploads\/2024\/12\/Tartaleta-de-foie-gras-mi-cuit-con-peras-y-nueces.webp\",\"contentUrl\":\"https:\/\/martiko.com\/wp-content\/uploads\/2024\/12\/Tartaleta-de-foie-gras-mi-cuit-con-peras-y-nueces.webp\",\"width\":1360,\"height\":650,\"caption\":\"Tartaleta de foie gras mi cuit con peras y nueces\"},{\"@type\":\"BreadcrumbList\",\"@id\":\"https:\/\/martiko.com\/recetas\/tartaleta-de-foie-gras-mi-cuit-con-peras-y-nueces\/#breadcrumb\",\"itemListElement\":[{\"@type\":\"ListItem\",\"position\":1,\"name\":\"Inicio\",\"item\":\"https:\/\/martiko.com\/\"},{\"@type\":\"ListItem\",\"position\":2,\"name\":\"Recetas\",\"item\":\"https:\/\/martiko.com\/recetas\/\"},{\"@type\":\"ListItem\",\"position\":3,\"name\":\"Tartaleta de foie gras mi cuit con peras y nueces\"}]},{\"@type\":\"WebSite\",\"@id\":\"https:\/\/martiko.com\/#website\",\"url\":\"https:\/\/martiko.com\/\",\"name\":\"Martiko\",\"description\":\"Martiko\",\"publisher\":{\"@id\":\"https:\/\/martiko.com\/#organization\"},\"potentialAction\":[{\"@type\":\"SearchAction\",\"target\":{\"@type\":\"EntryPoint\",\"urlTemplate\":\"https:\/\/martiko.com\/?s={search_term_string}\"},\"query-input\":{\"@type\":\"PropertyValueSpecification\",\"valueRequired\":true,\"valueName\":\"search_term_string\"}}],\"inLanguage\":\"ar\"},{\"@type\":\"Organization\",\"@id\":\"https:\/\/martiko.com\/#organization\",\"name\":\"CONSERVAS MARTIKO SA\",\"url\":\"https:\/\/martiko.com\/\",\"logo\":{\"@type\":\"ImageObject\",\"inLanguage\":\"ar\",\"@id\":\"https:\/\/martiko.com\/#\/schema\/logo\/image\/\",\"url\":\"https:\/\/martiko.com\/wp-content\/uploads\/2024\/11\/Logo-Martiko-2021-dorado.png\",\"contentUrl\":\"https:\/\/martiko.com\/wp-content\/uploads\/2024\/11\/Logo-Martiko-2021-dorado.png\",\"width\":147,\"height\":34,\"caption\":\"CONSERVAS MARTIKO SA\"},\"image\":{\"@id\":\"https:\/\/martiko.com\/#\/schema\/logo\/image\/\"},\"sameAs\":[\"https:\/\/www.facebook.com\/martikopates\/\",\"https:\/\/www.instagram.com\/martikopato\/\",\"https:\/\/www.linkedin.com\/company\/2282554\"]}]}<\/script>\n<!-- \/ Yoast SEO plugin. -->","yoast_head_json":{"title":"Tartaleta de Foie Gras Mi Cuit con Peras y Nueces | Martiko","description":"Prepara unas deliciosas tartaletas con foie gras mi cuit Martiko, pur\u00e9 de peras y nueces tostadas. Un canap\u00e9 perfecto para ocasiones especiales, lleno de sabor y elegancia.","robots":{"index":"index","follow":"follow","max-snippet":"max-snippet:-1","max-image-preview":"max-image-preview:large","max-video-preview":"max-video-preview:-1"},"canonical":"https:\/\/martiko.com\/recetas\/tartaleta-de-foie-gras-mi-cuit-con-peras-y-nueces\/","og_locale":"ar_AR","og_type":"article","og_title":"Tartaleta de Foie Gras Mi Cuit con Peras y Nueces | Martiko","og_description":"Prepara unas deliciosas tartaletas con foie gras mi cuit Martiko, pur\u00e9 de peras y nueces tostadas. Un canap\u00e9 perfecto para ocasiones especiales, lleno de sabor y elegancia.","og_url":"https:\/\/martiko.com\/recetas\/tartaleta-de-foie-gras-mi-cuit-con-peras-y-nueces\/","og_site_name":"Martiko","article_publisher":"https:\/\/www.facebook.com\/martikopates\/","article_modified_time":"2025-12-12T09:08:32+00:00","og_image":[{"width":1360,"height":650,"url":"https:\/\/martiko.com\/wp-content\/uploads\/2024\/12\/Tartaleta-de-foie-gras-mi-cuit-con-peras-y-nueces.webp","type":"image\/webp"}],"twitter_card":"summary_large_image","twitter_misc":{"Est. reading time":"3 \u062f\u0642\u0627\u0626\u0642"},"schema":{"@context":"https:\/\/schema.org","@graph":[{"@type":"WebPage","@id":"https:\/\/martiko.com\/recetas\/tartaleta-de-foie-gras-mi-cuit-con-peras-y-nueces\/","url":"https:\/\/martiko.com\/recetas\/tartaleta-de-foie-gras-mi-cuit-con-peras-y-nueces\/","name":"Tartaleta de Foie Gras Mi Cuit con Peras y Nueces | Martiko","isPartOf":{"@id":"https:\/\/martiko.com\/#website"},"primaryImageOfPage":{"@id":"https:\/\/martiko.com\/recetas\/tartaleta-de-foie-gras-mi-cuit-con-peras-y-nueces\/#primaryimage"},"image":{"@id":"https:\/\/martiko.com\/recetas\/tartaleta-de-foie-gras-mi-cuit-con-peras-y-nueces\/#primaryimage"},"thumbnailUrl":"https:\/\/martiko.com\/wp-content\/uploads\/2024\/12\/Tartaleta-de-foie-gras-mi-cuit-con-peras-y-nueces.webp","datePublished":"2025-11-30T10:00:35+00:00","dateModified":"2025-12-12T09:08:32+00:00","description":"Prepara unas deliciosas tartaletas con foie gras mi cuit Martiko, pur\u00e9 de peras y nueces tostadas. Un canap\u00e9 perfecto para ocasiones especiales, lleno de sabor y elegancia.","breadcrumb":{"@id":"https:\/\/martiko.com\/recetas\/tartaleta-de-foie-gras-mi-cuit-con-peras-y-nueces\/#breadcrumb"},"inLanguage":"ar","potentialAction":[{"@type":"ReadAction","target":["https:\/\/martiko.com\/recetas\/tartaleta-de-foie-gras-mi-cuit-con-peras-y-nueces\/"]}]},{"@type":"ImageObject","inLanguage":"ar","@id":"https:\/\/martiko.com\/recetas\/tartaleta-de-foie-gras-mi-cuit-con-peras-y-nueces\/#primaryimage","url":"https:\/\/martiko.com\/wp-content\/uploads\/2024\/12\/Tartaleta-de-foie-gras-mi-cuit-con-peras-y-nueces.webp","contentUrl":"https:\/\/martiko.com\/wp-content\/uploads\/2024\/12\/Tartaleta-de-foie-gras-mi-cuit-con-peras-y-nueces.webp","width":1360,"height":650,"caption":"Tartaleta de foie gras mi cuit con peras y nueces"},{"@type":"BreadcrumbList","@id":"https:\/\/martiko.com\/recetas\/tartaleta-de-foie-gras-mi-cuit-con-peras-y-nueces\/#breadcrumb","itemListElement":[{"@type":"ListItem","position":1,"name":"Inicio","item":"https:\/\/martiko.com\/"},{"@type":"ListItem","position":2,"name":"Recetas","item":"https:\/\/martiko.com\/recetas\/"},{"@type":"ListItem","position":3,"name":"Tartaleta de foie gras mi cuit con peras y nueces"}]},{"@type":"WebSite","@id":"https:\/\/martiko.com\/#website","url":"https:\/\/martiko.com\/","name":"Martiko","description":"Martiko","publisher":{"@id":"https:\/\/martiko.com\/#organization"},"potentialAction":[{"@type":"SearchAction","target":{"@type":"EntryPoint","urlTemplate":"https:\/\/martiko.com\/?s={search_term_string}"},"query-input":{"@type":"PropertyValueSpecification","valueRequired":true,"valueName":"search_term_string"}}],"inLanguage":"ar"},{"@type":"Organization","@id":"https:\/\/martiko.com\/#organization","name":"CONSERVAS MARTIKO SA","url":"https:\/\/martiko.com\/","logo":{"@type":"ImageObject","inLanguage":"ar","@id":"https:\/\/martiko.com\/#\/schema\/logo\/image\/","url":"https:\/\/martiko.com\/wp-content\/uploads\/2024\/11\/Logo-Martiko-2021-dorado.png","contentUrl":"https:\/\/martiko.com\/wp-content\/uploads\/2024\/11\/Logo-Martiko-2021-dorado.png","width":147,"height":34,"caption":"CONSERVAS MARTIKO SA"},"image":{"@id":"https:\/\/martiko.com\/#\/schema\/logo\/image\/"},"sameAs":["https:\/\/www.facebook.com\/martikopates\/","https:\/\/www.instagram.com\/martikopato\/","https:\/\/www.linkedin.com\/company\/2282554"]}]}},"_links":{"self":[{"href":"https:\/\/martiko.com\/ar\/wp-json\/wp\/v2\/recetas\/4142","targetHints":{"allow":["GET"]}}],"collection":[{"href":"https:\/\/martiko.com\/ar\/wp-json\/wp\/v2\/recetas"}],"about":[{"href":"https:\/\/martiko.com\/ar\/wp-json\/wp\/v2\/types\/recetas"}],"version-history":[{"count":0,"href":"https:\/\/martiko.com\/ar\/wp-json\/wp\/v2\/recetas\/4142\/revisions"}],"wp:featuredmedia":[{"embeddable":true,"href":"https:\/\/martiko.com\/ar\/wp-json\/wp\/v2\/media\/4148"}],"wp:attachment":[{"href":"https:\/\/martiko.com\/ar\/wp-json\/wp\/v2\/media?parent=4142"}],"curies":[{"name":"wp","href":"https:\/\/api.w.org\/{rel}","templated":true}]}}